{"id":1946,"date":"2015-10-15T12:20:35","date_gmt":"2015-10-15T11:20:35","guid":{"rendered":"http:\/\/www.a-giga.cz\/?page_id=1946"},"modified":"2015-10-15T12:45:02","modified_gmt":"2015-10-15T11:45:02","slug":"vyhra","status":"publish","type":"page","link":"http:\/\/www.a-giga.cz\/?page_id=1946","title":{"rendered":"V\u00fdhra"},"content":{"rendered":"<div class=\"l-subsection\"><div class=\"l-subsection-h\"><div class=\"l-subsection-hh g-html i-cf\"><h1>V\u00fdhra<\/h1>\n<p><img loading=\"lazy\" decoding=\"async\" style=\"float: right;\" alt=\"vyhra\" class='vyhra_img' src=\"http:\/\/www.a-giga.cz\/wp-content\/uploads\/2015\/01\/vyhra.jpg\" width=\"550\" height=\"213\" \/><\/p>\n<h3>SOCI\u00c1LN\u00cd INOVACE P\u0158ED OPONOU<\/h3>\n<h5>Soci\u00e1ln\u00ed inovace p\u0159ed oponou<br \/>\n15 projekt\u016f ocen\u011bno cenou SozialMarie 2015<br \/>\n<\/h5>\n<p><em>V\u00edde\u0148, 4. kv\u011btna 2015 \u2013<\/em> <strong>Z 300 podan\u00fdch projekt\u016f z \u010cesk\u00e9 republiky, Chorvatska, Rakouska, Slovenska a Slovinska ocenila odborn\u00e1 porota cenou SozialMarie 2015 celkem 15 v\u00fdjime\u010dn\u00fdch soci\u00e1ln\u00edch inovac\u00ed. 300 host\u016f slavnostn\u00edho ud\u00edlen\u00ed cen se 1. kv\u011btna  2015 osobn\u011b p\u0159esv\u011bd\u010dilo o kvalit\u011b t\u0159\u00ed hlavn\u00edch a dvan\u00e1cti vedlej\u0161\u00edch cen. Prvn\u00ed cenu a 15 000 euro p\u0159evzal v tomto roce projekt \u201ePROSA \u2013 Projekt \u0161kola pro v\u0161echny\u201c. Na dvou v\u00edde\u0148sk\u00fdch \u0161kol\u00e1ch je vyu\u010dov\u00e1no a podporov\u00e1no asi 100 mlad\u00fdch uprchl\u00edk\u016f z v\u00edce ne\u017e patn\u00e1cti zem\u00ed. Celkem rozd\u011blila SozialMarie 2015 54 000 euro. Cena vedle finan\u010dn\u00edho ohodnocen\u00ed nab\u00edz\u00ed soci\u00e1ln\u011b inovativn\u00edm projekt\u016fm p\u0159edev\u0161\u00edm prostor pro zviditeln\u011bn\u00ed.<\/strong><\/p>\n<p><em>SozialMarie ocenila letos ji\u017e pojeden\u00e1ct\u00e9 kreativn\u00ed projekty, kter\u00e9 charakterizuje efektivn\u00ed \u0159e\u0161en\u00ed soci\u00e1ln\u00edch probl\u00e9m\u016f. V\u0161ech 300 podan\u00fdch n\u00e1vrh\u016f p\u0159edstavuje pestrou \u0161k\u00e1lu \u010desk\u00fdch, chorvatsk\u00fdch, rakousk\u00fdch, slovensk\u00fdch a slovinsk\u00fdch projekt\u016f. \u201ePatn\u00e1ct ocen\u011bn\u00fdch projekt\u016f jednozna\u010dn\u011b ukazuje, \u017ee s odvahou a \u010dinorodost\u00ed je mo\u017en\u00e9 vr\u00e1tit skupiny nach\u00e1zej\u00edc\u00ed se na okraji zp\u011bt do centra spole\u010dnosti\u201c, zd\u016fraz\u0148uje Wanda Moser-Heindlov\u00e1, zakladatelka soukrom\u00e9 nadace, je\u017e cenu vyhla\u0161uje. \u201eO to v\u00edce mne t\u011b\u0161\u00ed, \u017ee se jim zde a dnes dost\u00e1v\u00e1 pozornosti, kterou si za svou pr\u00e1ci zaslou\u017e\u00ed.\u201c<\/em><\/p>\n<h5><strong>1. cena (finan\u010dn\u00ed odm\u011bna EUR 15.000,-) \u2013 PROSA \u2013<\/strong> &#8222;\u0160kola pro v\u0161echny&#8220; (Schulef\u00fcralle)<\/h5>\n<p>PROSA vyu\u010duje od roku 2012 t\u00e9m\u011b\u0159 100 mladistv\u00fdch a mlad\u00fdch dosp\u011bl\u00fdch z v\u00edce ne\u017e patn\u00e1cti zem\u00ed. Mnoz\u00ed z nich se ocitli v Rakousku sami, bez doprovodu, a \u010dasto jako nezletil\u00ed, a byli za\u0159azeni do jedn\u00e9 ze sedmi t\u0159\u00edd v\u00edde\u0148sk\u00e9ho gymn\u00e1zia Rahlgasse a do ve\u010dern\u00edho gymn\u00e1zia Br\u00fcnnerstra\u00dfe. Nav\u00edc je vedle modul\u00e1rn\u00ed v\u00fduky do programu za\u0159azeno dou\u010dov\u00e1n\u00ed pro jednotlivce i skupiny, soci\u00e1ln\u00ed poradenstv\u00ed ( od n\u00e1kupu tramvajenky a\u017e po za\u0159\u00edzen\u00ed bydlen\u00ed). Sou\u010d\u00e1st\u00ed je tak\u00e9 \u201eprostor pro \u017eeny\u201c, kter\u00fdch nen\u00ed mnoho, ale i \u201egenderov\u00fd prostor\u201c pro velk\u00e9 mno\u017estv\u00ed mlad\u00fdch mu\u017e\u016f. T\u0159in\u00e1ct z patn\u00e1cti osob zvl\u00e1dlo dokon\u010dit prvn\u00ed etapu povinn\u00e9 \u0161koln\u00ed doch\u00e1zky. N\u011bkte\u0159\u00ed jsou ji\u017e nyn\u00ed na druh\u00e9m stupni. Kav\u00e1rna Prosa, otev\u0159en\u00e1 na podzim 2014, se nav\u00edc etabluje jako integra\u010dn\u00ed centrum.<\/p>\n<h5><strong>2. cena (finan\u010dn\u00ed odm\u011bna EUR 10.000,-) \u2013 Nota Bene port\u00fd\u0159i\u00a0\u00a0<\/strong><\/h5>\n<p>Bratislavsk\u00e9 hlavn\u00ed n\u00e1dra\u017e\u00ed m\u00e1 mnoho schod\u016f, ale \u017e\u00e1dn\u00e9 eskal\u00e1tory a v\u00fdtahy. P\u0159edstavuje tak skv\u011bl\u00e9 m\u00edsto pro uplatn\u011bn\u00ed \u201eNota Bene port\u00fdr\u016f\u201c v historick\u00fdch uniform\u00e1ch. Ka\u017ed\u00e9 dopoledne je jich osm p\u0159ipraveno odn\u00e9st zavazadla cestuj\u00edc\u00edch z per\u00f3nu p\u0159\u00edmo do vlaku. Sedm z nich jsou mu\u017ei bez domova a jeden z nich je soci\u00e1ln\u00edm pracovn\u00edkem. V\u0161ichni jsou zam\u011bstnan\u00ed. On\u011bch sedm si d\u00edky t\u00e9to form\u011b pravideln\u00e9mu zam\u011bstn\u00e1n\u00ed m\u016f\u017ee srovnat sv\u016fj \u017eivot. Mohou splatit sv\u00e9 dluhy. Maj\u00ed p\u0159\u00edstup k syst\u00e9mu zdravotnictv\u00ed a dost\u00e1vaj\u00ed se tak na trh pr\u00e1ce. \u0158editelstv\u00ed n\u00e1dra\u017e\u00ed je s novou nab\u00eddkou slu\u017eby, kter\u00e1 je velmi kladn\u011b p\u0159ij\u00edm\u00e1na cestuj\u00edc\u00edmi, spokojeno.<\/p>\n<h5><strong>3. cena (finan\u010dn\u00ed odm\u011bna EUR 5.000,-) \u2013 Zm\u011bna je mo\u017en\u00e1<\/strong><\/h5>\n<p>Firma zab\u00fdvaj\u00edc\u00ed se outsourcingov\u00fdmi slu\u017ebami otev\u0159ela v \u010desk\u00e9 st\u00e1tn\u00ed v\u011bznici Vina\u0159ice call centrum. P\u0159ihl\u00e1sily se stovky v\u011bz\u0148\u016f. Mo\u017enost zam\u011bstn\u00e1n\u00ed je vz\u00e1cn\u00e1. V\u011bzni absolvuj\u00ed ministerstvem akreditovan\u00fd tr\u00e9nink a \u010d\u00e1st z nich pracuje jako telefonist\u00e9. Do konce roku 2014 to bylo celkem 157 v\u011bzn\u011bn\u00fdch mu\u017e\u016f. Po propu\u0161t\u011bn\u00ed maj\u00ed mo\u017enost d\u00e1le pracovat v A-GGA v Kladn\u011b nebo Lounech. P\u0159i resocializaci jsou podporov\u00e1ni mentory. Moment\u00e1ln\u011b se jedn\u00e1 o dev\u011bt lid\u00ed, v p\u0159\u00ed\u0161t\u00edch m\u011bs\u00edc\u00edch to bude dal\u0161\u00edch osmn\u00e1ct. \u00dasp\u011bch &#8211; p\u0159edev\u0161\u00edm sn\u00ed\u017een\u00ed recidivity o 2\/3 &#8211; m\u00e1 p\u0159esv\u011bd\u010dit ministerstvo o tom, aby i nad\u00e1le podporovalo tento projekt ve Vina\u0159ic\u00edch a v dal\u0161\u00edch v\u011bznic\u00edch.<\/p>\n<h5><strong>Mezin\u00e1rodn\u00ed propojov\u00e1n\u00ed<\/strong><\/h5>\n<p>Vedle t\u0159\u00ed hlavn\u00edch cen bylo ud\u011bleno tak\u00e9 12 cen vedlej\u0161\u00edch ve v\u00fd\u0161i 2 000 eur. Ale SozialMarie nechce jen postr\u010dit do pop\u0159ed\u00ed trvale udr\u017eiteln\u00e1 a p\u0159\u00edkladn\u00e1 \u0159e\u0161en\u00ed. Ka\u017edoro\u010dn\u00ed ud\u00edlen\u00ed cen je tak\u00e9 ide\u00e1ln\u00ed platformou pro podporu mezin\u00e1rodn\u00edho propojov\u00e1n\u00ed, s\u00ed\u0165ovan\u00ed a pro v\u00fdm\u011bnu zku\u0161enost\u00ed inovativn\u00edch soci\u00e1ln\u00edch projekt\u016f. <\/p>\n<\/div><\/div><\/div>","protected":false},"excerpt":{"rendered":"<p>V\u00fdhra SOCI\u00c1LN\u00cd INOVACE P\u0158ED OPONOU Soci\u00e1ln\u00ed inovace p\u0159ed oponou 15 projekt\u016f ocen\u011bno cenou SozialMarie 2015 V\u00edde\u0148, 4. kv\u011btna 2015 \u2013 Z 300 podan\u00fdch projekt\u016f z \u010cesk\u00e9 republiky, Chorvatska, Rakouska, Slovenska a Slovinska ocenila odborn\u00e1 porota cenou SozialMarie 2015 celkem 15 v\u00fdjime\u010dn\u00fdch soci\u00e1ln\u00edch inovac\u00ed. 300 host\u016f slavnostn\u00edho ud\u00edlen\u00ed cen se 1. kv\u011btna 2015 osobn\u011b p\u0159esv\u011bd\u010dilo o kvalit\u011b t\u0159\u00ed hlavn\u00edch a dvan\u00e1cti vedlej\u0161\u00edch cen. Prvn\u00ed cenu a 15 000 euro p\u0159evzal v tomto roce projekt \u201ePROSA \u2013 Projekt \u0161kola pro v\u0161echny\u201c. Na dvou v\u00edde\u0148sk\u00fdch \u0161kol\u00e1ch je vyu\u010dov\u00e1no a podporov\u00e1no asi 100 mlad\u00fdch uprchl\u00edk\u016f z v\u00edce ne\u017e patn\u00e1cti zem\u00ed. Celkem rozd\u011blila SozialMarie 2015 54 000 euro. Cena vedle finan\u010dn\u00edho ohodnocen\u00ed nab\u00edz\u00ed soci\u00e1ln\u011b inovativn\u00edm projekt\u016fm p\u0159edev\u0161\u00edm prostor pro zviditeln\u011bn\u00ed. SozialMarie ocenila letos ji\u017e pojeden\u00e1ct\u00e9 kreativn\u00ed projekty, kter\u00e9 charakterizuje efektivn\u00ed \u0159e\u0161en\u00ed soci\u00e1ln\u00edch probl\u00e9m\u016f. V\u0161ech 300 podan\u00fdch n\u00e1vrh\u016f p\u0159edstavuje pestrou \u0161k\u00e1lu \u010desk\u00fdch, chorvatsk\u00fdch, rakousk\u00fdch, slovensk\u00fdch a slovinsk\u00fdch projekt\u016f. \u201ePatn\u00e1ct ocen\u011bn\u00fdch projekt\u016f jednozna\u010dn\u011b ukazuje, \u017ee s odvahou a \u010dinorodost\u00ed je mo\u017en\u00e9 vr\u00e1tit skupiny nach\u00e1zej\u00edc\u00ed se na okraji zp\u011bt do centra spole\u010dnosti\u201c, zd\u016fraz\u0148uje Wanda Moser-Heindlov\u00e1, zakladatelka soukrom\u00e9 nadace, je\u017e cenu vyhla\u0161uje. \u201eO to v\u00edce mne t\u011b\u0161\u00ed, \u017ee se jim zde a dnes dost\u00e1v\u00e1 pozornosti, kterou si za svou pr\u00e1ci zaslou\u017e\u00ed.\u201c 1. cena (finan\u010dn\u00ed odm\u011bna EUR 15.000,-) \u2013 PROSA \u2013 &#8222;\u0160kola pro v\u0161echny&#8220; (Schulef\u00fcralle) PROSA vyu\u010duje od roku 2012 t\u00e9m\u011b\u0159 100 mladistv\u00fdch a mlad\u00fdch dosp\u011bl\u00fdch z v\u00edce ne\u017e patn\u00e1cti zem\u00ed. Mnoz\u00ed z nich se ocitli v Rakousku sami, bez doprovodu, a \u010dasto jako nezletil\u00ed, a byli za\u0159azeni do jedn\u00e9 ze sedmi t\u0159\u00edd v\u00edde\u0148sk\u00e9ho gymn\u00e1zia Rahlgasse a do ve\u010dern\u00edho gymn\u00e1zia Br\u00fcnnerstra\u00dfe. Nav\u00edc je vedle modul\u00e1rn\u00ed v\u00fduky do programu za\u0159azeno dou\u010dov\u00e1n\u00ed pro jednotlivce i skupiny, soci\u00e1ln\u00ed poradenstv\u00ed ( od n\u00e1kupu tramvajenky a\u017e po za\u0159\u00edzen\u00ed bydlen\u00ed). Sou\u010d\u00e1st\u00ed je tak\u00e9 \u201eprostor pro \u017eeny\u201c, kter\u00fdch nen\u00ed mnoho, ale i \u201egenderov\u00fd prostor\u201c pro velk\u00e9 mno\u017estv\u00ed mlad\u00fdch mu\u017e\u016f. T\u0159in\u00e1ct z patn\u00e1cti osob zvl\u00e1dlo dokon\u010dit prvn\u00ed etapu povinn\u00e9 \u0161koln\u00ed doch\u00e1zky. N\u011bkte\u0159\u00ed jsou ji\u017e nyn\u00ed na druh\u00e9m stupni. Kav\u00e1rna Prosa, otev\u0159en\u00e1 na podzim 2014, se nav\u00edc etabluje jako integra\u010dn\u00ed centrum. 2. cena (finan\u010dn\u00ed odm\u011bna EUR 10.000,-) \u2013 Nota Bene port\u00fd\u0159i\u00a0\u00a0 Bratislavsk\u00e9 hlavn\u00ed n\u00e1dra\u017e\u00ed m\u00e1 mnoho schod\u016f, ale \u017e\u00e1dn\u00e9 eskal\u00e1tory a v\u00fdtahy. P\u0159edstavuje tak skv\u011bl\u00e9 m\u00edsto pro uplatn\u011bn\u00ed \u201eNota Bene port\u00fdr\u016f\u201c v historick\u00fdch uniform\u00e1ch. Ka\u017ed\u00e9 dopoledne je jich osm p\u0159ipraveno odn\u00e9st zavazadla cestuj\u00edc\u00edch z per\u00f3nu p\u0159\u00edmo do vlaku. Sedm z nich jsou mu\u017ei bez domova a jeden z nich je soci\u00e1ln\u00edm pracovn\u00edkem. V\u0161ichni jsou zam\u011bstnan\u00ed. On\u011bch sedm si d\u00edky t\u00e9to form\u011b pravideln\u00e9mu zam\u011bstn\u00e1n\u00ed m\u016f\u017ee srovnat sv\u016fj \u017eivot. Mohou splatit sv\u00e9 dluhy. Maj\u00ed p\u0159\u00edstup k syst\u00e9mu zdravotnictv\u00ed a dost\u00e1vaj\u00ed se tak na trh pr\u00e1ce. \u0158editelstv\u00ed n\u00e1dra\u017e\u00ed je s novou nab\u00eddkou slu\u017eby, kter\u00e1 je velmi kladn\u011b p\u0159ij\u00edm\u00e1na cestuj\u00edc\u00edmi, spokojeno. 3. cena (finan\u010dn\u00ed odm\u011bna EUR 5.000,-) \u2013 Zm\u011bna je mo\u017en\u00e1 Firma zab\u00fdvaj\u00edc\u00ed se outsourcingov\u00fdmi slu\u017ebami otev\u0159ela v \u010desk\u00e9 st\u00e1tn\u00ed v\u011bznici Vina\u0159ice call centrum. P\u0159ihl\u00e1sily se stovky v\u011bz\u0148\u016f. Mo\u017enost zam\u011bstn\u00e1n\u00ed je vz\u00e1cn\u00e1. V\u011bzni absolvuj\u00ed ministerstvem akreditovan\u00fd tr\u00e9nink a \u010d\u00e1st z nich pracuje jako telefonist\u00e9. Do konce roku 2014 to bylo celkem 157 v\u011bzn\u011bn\u00fdch mu\u017e\u016f. Po propu\u0161t\u011bn\u00ed maj\u00ed mo\u017enost d\u00e1le pracovat v A-GGA v Kladn\u011b nebo Lounech. P\u0159i resocializaci jsou podporov\u00e1ni mentory. Moment\u00e1ln\u011b se jedn\u00e1 o dev\u011bt lid\u00ed, v p\u0159\u00ed\u0161t\u00edch m\u011bs\u00edc\u00edch to bude dal\u0161\u00edch osmn\u00e1ct. \u00dasp\u011bch &#8211; p\u0159edev\u0161\u00edm sn\u00ed\u017een\u00ed recidivity o 2\/3 &#8211; m\u00e1 p\u0159esv\u011bd\u010dit ministerstvo o tom, aby i nad\u00e1le podporovalo tento projekt ve Vina\u0159ic\u00edch a v dal\u0161\u00edch v\u011bznic\u00edch. Mezin\u00e1rodn\u00ed propojov\u00e1n\u00ed Vedle t\u0159\u00ed hlavn\u00edch cen bylo ud\u011bleno tak\u00e9 12 cen vedlej\u0161\u00edch ve v\u00fd\u0161i 2 000 eur. Ale SozialMarie nechce jen postr\u010dit do pop\u0159ed\u00ed trvale udr\u017eiteln\u00e1 a p\u0159\u00edkladn\u00e1 \u0159e\u0161en\u00ed. Ka\u017edoro\u010dn\u00ed ud\u00edlen\u00ed cen je tak\u00e9 ide\u00e1ln\u00ed platformou pro podporu mezin\u00e1rodn\u00edho propojov\u00e1n\u00ed, s\u00ed\u0165ovan\u00ed a pro v\u00fdm\u011bnu zku\u0161enost\u00ed inovativn\u00edch soci\u00e1ln\u00edch projekt\u016f.<\/p>\n","protected":false},"author":1,"featured_media":0,"parent":0,"menu_order":0,"comment_status":"closed","ping_status":"open","template":"","meta":{"footnotes":""},"class_list":["post-1946","page","type-page","status-publish","hentry"],"_links":{"self":[{"href":"http:\/\/www.a-giga.cz\/index.php?rest_route=\/wp\/v2\/pages\/1946","targetHints":{"allow":["GET"]}}],"collection":[{"href":"http:\/\/www.a-giga.cz\/index.php?rest_route=\/wp\/v2\/pages"}],"about":[{"href":"http:\/\/www.a-giga.cz\/index.php?rest_route=\/wp\/v2\/types\/page"}],"author":[{"embeddable":true,"href":"http:\/\/www.a-giga.cz\/index.php?rest_route=\/wp\/v2\/users\/1"}],"replies":[{"embeddable":true,"href":"http:\/\/www.a-giga.cz\/index.php?rest_route=%2Fwp%2Fv2%2Fcomments&post=1946"}],"version-history":[{"count":8,"href":"http:\/\/www.a-giga.cz\/index.php?rest_route=\/wp\/v2\/pages\/1946\/revisions"}],"predecessor-version":[{"id":1955,"href":"http:\/\/www.a-giga.cz\/index.php?rest_route=\/wp\/v2\/pages\/1946\/revisions\/1955"}],"wp:attachment":[{"href":"http:\/\/www.a-giga.cz\/index.php?rest_route=%2Fwp%2Fv2%2Fmedia&parent=1946"}],"curies":[{"name":"wp","href":"https:\/\/api.w.org\/{rel}","templated":true}]}}